{"id":5070,"date":"2017-02-04T14:36:41","date_gmt":"2017-02-04T13:36:41","guid":{"rendered":"https:\/\/www.antifaschistische-linke.de\/?page_id=5070"},"modified":"2022-12-13T22:30:33","modified_gmt":"2022-12-13T21:30:33","slug":"offenes-treffen","status":"publish","type":"page","link":"https:\/\/www.antifaschistische-linke.de\/?page_id=5070","title":{"rendered":"Offenes Antifa Treffen"},"content":{"rendered":"<p align=\"justify\"><img decoding=\"async\" loading=\"lazy\" class=\"alignleft  wp-image-7047\" src=\"https:\/\/www.antifaschistische-linke.de\/wp-content\/uploads\/OAT-Logo2-1-300x300.png\" alt=\"\" width=\"145\" height=\"145\" srcset=\"https:\/\/www.antifaschistische-linke.de\/wp-content\/uploads\/OAT-Logo2-1-300x300.png 300w, https:\/\/www.antifaschistische-linke.de\/wp-content\/uploads\/OAT-Logo2-1-180x180.png 180w, https:\/\/www.antifaschistische-linke.de\/wp-content\/uploads\/OAT-Logo2-1-50x50.png 50w, https:\/\/www.antifaschistische-linke.de\/wp-content\/uploads\/OAT-Logo2-1-80x80.png 80w, https:\/\/www.antifaschistische-linke.de\/wp-content\/uploads\/OAT-Logo2-1.png 567w\" sizes=\"(max-width: 145px) 100vw, 145px\" \/><strong>Wir organisieren das <a href=\"https:\/\/oatfreiburg.wordpress.com\/\">Offene Antifa Treffen Freiburg<\/a>.<\/strong><\/p>\n<p align=\"justify\">Hast du Probleme mit Faschist*innen in deinem Viertel oder in der Schule? Tauchen in deiner Nachbarschaft immer wieder Nazischmierereien auf? Willst du zusammen mit anderen Antifaschist*innen gemeinsam auf Demos fahren, Aktionen planen und selbst aktiv werden? Dann schau beim Offenen Antifa Treffen vorbei und schlie\u00df dich mit uns zusammen! Dabei ist es v\u00f6llig egal, welche Erfahrungen du mitbringst.<\/p>\n<p align=\"justify\">Das Offene Antifa Treffen Freiburg (OAT) ist ein offener Kreis f\u00fcr alle Personen, die in Freiburg antifaschistisch aktiv werden wollen. Gerade in Zeiten, in denen ein immer st\u00e4rkerer Rechtsruck zu sp\u00fcren ist, halten wir es f\u00fcr notwendig, sich zusammenzuschlie\u00dfen, um Faschist*innen und rechten Hetzer*innen gemeinsam entgegentreten zu k\u00f6nnen. Dabei will das OAT ein Ort sein, an dem sich Antifaschist*innen mit unterschiedlichen Erfahrungen austauschen und vernetzen k\u00f6nnen. Neben Vortr\u00e4gen, Konzerten und Infoveranstaltungen wollen wir auch gemeinsam Aktionen planen, auf Demonstrationen fahren und antifaschistische Politik in Freiburg betreiben.<\/p>\n<p><strong><span class=\"has-inline-color has-very-dark-gray-color\">Offenes Antifa Treffen<\/span><\/strong><br>\nOrganisieren, diskutieren, vernetzen.<br>\nJeden 1. Freitag im Monat um 18:30 Uhr im Linken Zentrum \u00a1adelante! (Gl\u00fcmerstr. 2)<\/p>\n<p><strong><span class=\"has-inline-color has-very-dark-gray-color\">Antifa-Kneipe<\/span><\/strong><br>\nDu willst andere Antifaschist*innen in lockerer Athmosph\u00e4re kennenlernen? Oder dich bei einem Bier oder einer Limo mit Gleichgesinnten connecten? Dann schau doch mal bei der Kneipe vorbei!<br>\nJeden 1. Freitag im Monat (im Anschluss ans OAT) ab 20:30 Uhr im Linken Zentrum \u00a1adelante! (Gl\u00fcmerstr. 2)<\/p>\n<p><strong><span class=\"has-inline-color has-very-dark-gray-color\">Offenes Kampfsporttraining<\/span><br>\n<\/strong>Zus\u00e4tzlich zum Offenen Antifa Treffen gibts jetzt einmal im Monat ein offenes und kostenloses Kampfsport- und Selbstverteidigungstraining. Hier bringen wir uns die Grundlagen des (Kick-)Boxens bei und halten uns fit.<br>\nWillst du mitmachen? Sprich uns einfach bei den Treffen an, oder schreib uns, um den Ort zu erfahren.<br>\nJeden 3. Freitag im Monat um 18:30 Uhr (Ort wird auf Anfrage oder bei den Treffen bekannt gegeben)<\/p>\n<p><strong>Kontakt<\/strong><br>\nDas OAT Freiburg ist erreichbar \u00fcber:<br>\n\u2013 facebook.com\/OatFr<br>\n\u2013 instagram.com\/oat_fr<br>\n\u2013 oat-fr@riseup.net<br>\n\u2013 und unter der Adresse: OAT Freiburg | c\/o Linkes Zentrum \u00a1adelante! | Gl\u00fcmerstra\u00dfe 2 | 79102 Freiburg<\/p>\n\n\n<div id=\"sb_instagram\"  class=\"sbi sbi_mob_col_1 sbi_tab_col_3 sbi_col_3 sbi_width_resp\" style=\"padding-bottom: 10px;\"\t data-feedid=\"*1\"  data-res=\"auto\" data-cols=\"3\" data-colsmobile=\"1\" data-colstablet=\"3\" data-num=\"6\" data-nummobile=\"6\" data-item-padding=\"5\"\t data-shortcode-atts=\"{}\"  data-postid=\"5070\" data-locatornonce=\"4692fe84f2\" data-imageaspectratio=\"1:1\" data-sbi-flags=\"favorLocal,gdpr\">\n\t<div class=\"sb_instagram_header  sbi_medium\"   >\n\t<a class=\"sbi_header_link\" target=\"_blank\"\n\t   rel=\"nofollow noopener\" href=\"https:\/\/www.instagram.com\/oat_fr\/\" title=\"@oat_fr\">\n\t\t<div class=\"sbi_header_text sbi_no_bio\">\n\t\t\t<div class=\"sbi_header_img\">\n\t\t\t\t\t\t\t\t\t<div class=\"sbi_header_img_hover\"  ><svg class=\"sbi_new_logo fa-instagram fa-w-14\" aria-hidden=\"true\" data-fa-processed=\"\" aria-label=\"Instagram\" data-prefix=\"fab\" data-icon=\"instagram\" role=\"img\" viewBox=\"0 0 448 512\">\n                    <path fill=\"currentColor\" d=\"M224.1 141c-63.6 0-114.9 51.3-114.9 114.9s51.3 114.9 114.9 114.9S339 319.5 339 255.9 287.7 141 224.1 141zm0 189.6c-41.1 0-74.7-33.5-74.7-74.7s33.5-74.7 74.7-74.7 74.7 33.5 74.7 74.7-33.6 74.7-74.7 74.7zm146.4-194.3c0 14.9-12 26.8-26.8 26.8-14.9 0-26.8-12-26.8-26.8s12-26.8 26.8-26.8 26.8 12 26.8 26.8zm76.1 27.2c-1.7-35.9-9.9-67.7-36.2-93.9-26.2-26.2-58-34.4-93.9-36.2-37-2.1-147.9-2.1-184.9 0-35.8 1.7-67.6 9.9-93.9 36.1s-34.4 58-36.2 93.9c-2.1 37-2.1 147.9 0 184.9 1.7 35.9 9.9 67.7 36.2 93.9s58 34.4 93.9 36.2c37 2.1 147.9 2.1 184.9 0 35.9-1.7 67.7-9.9 93.9-36.2 26.2-26.2 34.4-58 36.2-93.9 2.1-37 2.1-147.8 0-184.8zM398.8 388c-7.8 19.6-22.9 34.7-42.6 42.6-29.5 11.7-99.5 9-132.1 9s-102.7 2.6-132.1-9c-19.6-7.8-34.7-22.9-42.6-42.6-11.7-29.5-9-99.5-9-132.1s-2.6-102.7 9-132.1c7.8-19.6 22.9-34.7 42.6-42.6 29.5-11.7 99.5-9 132.1-9s102.7-2.6 132.1 9c19.6 7.8 34.7 22.9 42.6 42.6 11.7 29.5 9 99.5 9 132.1s2.7 102.7-9 132.1z\"><\/path>\n                <\/svg><\/div>\n\t\t\t\t\t<img decoding=\"async\" loading=\"lazy\"  src=\"https:\/\/www.antifaschistische-linke.de\/wp-content\/uploads\/OAT-Logo2-2.png\" alt=\"\" width=\"50\" height=\"50\">\n\t\t\t\t\n\t\t\t\t\t\t\t<\/div>\n\n\t\t\t<div class=\"sbi_feedtheme_header_text\">\n\t\t\t\t<h3>oat_fr<\/h3>\n\t\t\t\t\t\t\t<\/div>\n\t\t<\/div>\n\t<\/a>\n<\/div>\n\n\t<div id=\"sbi_images\"  style=\"gap: 10px;\">\n\t\t<div class=\"sbi_item sbi_type_image sbi_new sbi_transition\"\n\tid=\"sbi_17904872562065709\" data-date=\"1732553268\">\n\t<div class=\"sbi_photo_wrap\">\n\t\t<a class=\"sbi_photo\" href=\"https:\/\/www.instagram.com\/p\/DCzTWIFKvGG\/\" target=\"_blank\" rel=\"noopener nofollow\"\n\t\t\tdata-full-res=\"https:\/\/scontent-ber1-1.cdninstagram.com\/v\/t51.75761-15\/468177226_18047073179287078_8466983223617805001_n.jpg?_nc_cat=105&#038;ccb=1-7&#038;_nc_sid=18de74&#038;_nc_ohc=R7YPy09aqBYQ7kNvgHLhR9G&#038;_nc_zt=23&#038;_nc_ht=scontent-ber1-1.cdninstagram.com&#038;edm=ANo9K5cEAAAA&#038;_nc_gid=AIHfZXX90JvZCdzeOg4Muk9&#038;oh=00_AYCfDl0gUBLm4sOceiVl6JrVU0uvr6ZP2XFqLM0dtwQKkw&#038;oe=67556137\"\n\t\t\tdata-img-src-set=\"{&quot;d&quot;:&quot;https:\\\/\\\/scontent-ber1-1.cdninstagram.com\\\/v\\\/t51.75761-15\\\/468177226_18047073179287078_8466983223617805001_n.jpg?_nc_cat=105&amp;ccb=1-7&amp;_nc_sid=18de74&amp;_nc_ohc=R7YPy09aqBYQ7kNvgHLhR9G&amp;_nc_zt=23&amp;_nc_ht=scontent-ber1-1.cdninstagram.com&amp;edm=ANo9K5cEAAAA&amp;_nc_gid=AIHfZXX90JvZCdzeOg4Muk9&amp;oh=00_AYCfDl0gUBLm4sOceiVl6JrVU0uvr6ZP2XFqLM0dtwQKkw&amp;oe=67556137&quot;,&quot;150&quot;:&quot;https:\\\/\\\/scontent-ber1-1.cdninstagram.com\\\/v\\\/t51.75761-15\\\/468177226_18047073179287078_8466983223617805001_n.jpg?_nc_cat=105&amp;ccb=1-7&amp;_nc_sid=18de74&amp;_nc_ohc=R7YPy09aqBYQ7kNvgHLhR9G&amp;_nc_zt=23&amp;_nc_ht=scontent-ber1-1.cdninstagram.com&amp;edm=ANo9K5cEAAAA&amp;_nc_gid=AIHfZXX90JvZCdzeOg4Muk9&amp;oh=00_AYCfDl0gUBLm4sOceiVl6JrVU0uvr6ZP2XFqLM0dtwQKkw&amp;oe=67556137&quot;,&quot;320&quot;:&quot;https:\\\/\\\/scontent-ber1-1.cdninstagram.com\\\/v\\\/t51.75761-15\\\/468177226_18047073179287078_8466983223617805001_n.jpg?_nc_cat=105&amp;ccb=1-7&amp;_nc_sid=18de74&amp;_nc_ohc=R7YPy09aqBYQ7kNvgHLhR9G&amp;_nc_zt=23&amp;_nc_ht=scontent-ber1-1.cdninstagram.com&amp;edm=ANo9K5cEAAAA&amp;_nc_gid=AIHfZXX90JvZCdzeOg4Muk9&amp;oh=00_AYCfDl0gUBLm4sOceiVl6JrVU0uvr6ZP2XFqLM0dtwQKkw&amp;oe=67556137&quot;,&quot;640&quot;:&quot;https:\\\/\\\/scontent-ber1-1.cdninstagram.com\\\/v\\\/t51.75761-15\\\/468177226_18047073179287078_8466983223617805001_n.jpg?_nc_cat=105&amp;ccb=1-7&amp;_nc_sid=18de74&amp;_nc_ohc=R7YPy09aqBYQ7kNvgHLhR9G&amp;_nc_zt=23&amp;_nc_ht=scontent-ber1-1.cdninstagram.com&amp;edm=ANo9K5cEAAAA&amp;_nc_gid=AIHfZXX90JvZCdzeOg4Muk9&amp;oh=00_AYCfDl0gUBLm4sOceiVl6JrVU0uvr6ZP2XFqLM0dtwQKkw&amp;oe=67556137&quot;}\">\n\t\t\t<span class=\"sbi-screenreader\">\ud83c\udf7f Filmabend und K\u00fcfa \ud83c\udf7f\n\nDas Offene Antifa Treffen <\/span>\n\t\t\t\t\t\t\t\t\t<img decoding=\"async\" src=\"https:\/\/www.antifaschistische-linke.de\/wp-content\/plugins\/instagram-feed\/img\/placeholder.png\" alt=\"\ud83c\udf7f Filmabend und K\u00fcfa \ud83c\udf7f\n\nDas Offene Antifa Treffen l\u00e4dt zu einem gem\u00fctlichen Filmeabend im LiZ ein. Am 08.12. gibt es ab 19 Uhr lecker K\u00fcfa und Gl\u00fchwein, dazu schauen wir einen Film. Packt eure Freund*innen und Hunger ein und los gehts! Eintritt frei - Spenden erw\u00fcnscht! Alle Einnahmen gehen an die Rote Hilfe.\n\n\ud83d\udcc5 8.12.\n\ud83d\udd56 19 Uhr \n\ud83d\udccd Linkes Zentrum (Gl\u00fcmerstra\u00dfe 2)\n\ud83c\udf9f\ufe0f Eintritt frei, Spende erw\u00fcnscht \n\nWir freuen uns auf euch!\" aria-hidden=\"true\">\n\t\t<\/a>\n\t<\/div>\n<\/div><div class=\"sbi_item sbi_type_image sbi_new sbi_transition\"\n\tid=\"sbi_18031240910588306\" data-date=\"1730657468\">\n\t<div class=\"sbi_photo_wrap\">\n\t\t<a class=\"sbi_photo\" href=\"https:\/\/www.instagram.com\/p\/DB6zZQYqFYd\/\" target=\"_blank\" rel=\"noopener nofollow\"\n\t\t\tdata-full-res=\"https:\/\/scontent-ber1-1.cdninstagram.com\/v\/t51.75761-15\/465297627_18044675315287078_4101010986526882635_n.jpg?_nc_cat=104&#038;ccb=1-7&#038;_nc_sid=18de74&#038;_nc_ohc=rWXrsPnXZ6IQ7kNvgH-My37&#038;_nc_zt=23&#038;_nc_ht=scontent-ber1-1.cdninstagram.com&#038;edm=ANo9K5cEAAAA&#038;_nc_gid=AIHfZXX90JvZCdzeOg4Muk9&#038;oh=00_AYCrpd08bSa_npkPr1AxstSCCcqd1COkBn3giLrobycB_A&#038;oe=6755878A\"\n\t\t\tdata-img-src-set=\"{&quot;d&quot;:&quot;https:\\\/\\\/scontent-ber1-1.cdninstagram.com\\\/v\\\/t51.75761-15\\\/465297627_18044675315287078_4101010986526882635_n.jpg?_nc_cat=104&amp;ccb=1-7&amp;_nc_sid=18de74&amp;_nc_ohc=rWXrsPnXZ6IQ7kNvgH-My37&amp;_nc_zt=23&amp;_nc_ht=scontent-ber1-1.cdninstagram.com&amp;edm=ANo9K5cEAAAA&amp;_nc_gid=AIHfZXX90JvZCdzeOg4Muk9&amp;oh=00_AYCrpd08bSa_npkPr1AxstSCCcqd1COkBn3giLrobycB_A&amp;oe=6755878A&quot;,&quot;150&quot;:&quot;https:\\\/\\\/scontent-ber1-1.cdninstagram.com\\\/v\\\/t51.75761-15\\\/465297627_18044675315287078_4101010986526882635_n.jpg?_nc_cat=104&amp;ccb=1-7&amp;_nc_sid=18de74&amp;_nc_ohc=rWXrsPnXZ6IQ7kNvgH-My37&amp;_nc_zt=23&amp;_nc_ht=scontent-ber1-1.cdninstagram.com&amp;edm=ANo9K5cEAAAA&amp;_nc_gid=AIHfZXX90JvZCdzeOg4Muk9&amp;oh=00_AYCrpd08bSa_npkPr1AxstSCCcqd1COkBn3giLrobycB_A&amp;oe=6755878A&quot;,&quot;320&quot;:&quot;https:\\\/\\\/scontent-ber1-1.cdninstagram.com\\\/v\\\/t51.75761-15\\\/465297627_18044675315287078_4101010986526882635_n.jpg?_nc_cat=104&amp;ccb=1-7&amp;_nc_sid=18de74&amp;_nc_ohc=rWXrsPnXZ6IQ7kNvgH-My37&amp;_nc_zt=23&amp;_nc_ht=scontent-ber1-1.cdninstagram.com&amp;edm=ANo9K5cEAAAA&amp;_nc_gid=AIHfZXX90JvZCdzeOg4Muk9&amp;oh=00_AYCrpd08bSa_npkPr1AxstSCCcqd1COkBn3giLrobycB_A&amp;oe=6755878A&quot;,&quot;640&quot;:&quot;https:\\\/\\\/scontent-ber1-1.cdninstagram.com\\\/v\\\/t51.75761-15\\\/465297627_18044675315287078_4101010986526882635_n.jpg?_nc_cat=104&amp;ccb=1-7&amp;_nc_sid=18de74&amp;_nc_ohc=rWXrsPnXZ6IQ7kNvgH-My37&amp;_nc_zt=23&amp;_nc_ht=scontent-ber1-1.cdninstagram.com&amp;edm=ANo9K5cEAAAA&amp;_nc_gid=AIHfZXX90JvZCdzeOg4Muk9&amp;oh=00_AYCrpd08bSa_npkPr1AxstSCCcqd1COkBn3giLrobycB_A&amp;oe=6755878A&quot;}\">\n\t\t\t<span class=\"sbi-screenreader\">\u26a0\ufe0f F\u00c4LLT AUS \u26a0\ufe0f\n\n\u201cSei ein Mann!\u201d &#8211; Insides aus der<\/span>\n\t\t\t\t\t\t\t\t\t<img decoding=\"async\" src=\"https:\/\/www.antifaschistische-linke.de\/wp-content\/plugins\/instagram-feed\/img\/placeholder.png\" alt=\"\u26a0\ufe0f F\u00c4LLT AUS \u26a0\ufe0f\n\n\u201cSei ein Mann!\u201d - Insides aus der Welt der Burschenschaften\n\nWer sich nicht an die Werte, Hierarchien und exzessiven Trinkveranstaltungen in Burschenschaften anpasst, ist nicht erw\u00fcnscht. Das zumindest wird traditionellen Stundentenverbindungen nachgesagt. Was passiert abseits der \u00d6ffentlichkeit in den alten Villen, in denen die Burschen hausen?\n\nUnser Vortrag wird von einer Person gehalten, welche sich auf eine Recherchereise in das Milieu der Verbindungsstudenten begab. Zu erwarten ist ein intimes Portrait mit spannenden Erz\u00e4hlungen und tiefen Einblicke in eine konservative Parallelgesellschaft.\n\n\ud83d\udcc5 Mo. 04.11.2024\n\ud83d\udd55 18 Uhr\n\ud83d\udccd KTS (Baslerstra\u00dfe 103)\" aria-hidden=\"true\">\n\t\t<\/a>\n\t<\/div>\n<\/div><div class=\"sbi_item sbi_type_image sbi_new sbi_transition\"\n\tid=\"sbi_18047561726067779\" data-date=\"1730327425\">\n\t<div class=\"sbi_photo_wrap\">\n\t\t<a class=\"sbi_photo\" href=\"https:\/\/www.instagram.com\/p\/DBw942Cqp7e\/\" target=\"_blank\" rel=\"noopener nofollow\"\n\t\t\tdata-full-res=\"https:\/\/scontent-ber1-1.cdninstagram.com\/v\/t51.75761-15\/464891272_18044208149287078_305087407553571054_n.jpg?_nc_cat=101&#038;ccb=1-7&#038;_nc_sid=18de74&#038;_nc_ohc=p6pUe5DvuCUQ7kNvgEiNzlE&#038;_nc_zt=23&#038;_nc_ht=scontent-ber1-1.cdninstagram.com&#038;edm=ANo9K5cEAAAA&#038;_nc_gid=AIHfZXX90JvZCdzeOg4Muk9&#038;oh=00_AYBXOc48O0Q5aj_2OMxvg6vfEG_n2_MM9l-j7faFq4wGiw&#038;oe=675566A5\"\n\t\t\tdata-img-src-set=\"{&quot;d&quot;:&quot;https:\\\/\\\/scontent-ber1-1.cdninstagram.com\\\/v\\\/t51.75761-15\\\/464891272_18044208149287078_305087407553571054_n.jpg?_nc_cat=101&amp;ccb=1-7&amp;_nc_sid=18de74&amp;_nc_ohc=p6pUe5DvuCUQ7kNvgEiNzlE&amp;_nc_zt=23&amp;_nc_ht=scontent-ber1-1.cdninstagram.com&amp;edm=ANo9K5cEAAAA&amp;_nc_gid=AIHfZXX90JvZCdzeOg4Muk9&amp;oh=00_AYBXOc48O0Q5aj_2OMxvg6vfEG_n2_MM9l-j7faFq4wGiw&amp;oe=675566A5&quot;,&quot;150&quot;:&quot;https:\\\/\\\/scontent-ber1-1.cdninstagram.com\\\/v\\\/t51.75761-15\\\/464891272_18044208149287078_305087407553571054_n.jpg?_nc_cat=101&amp;ccb=1-7&amp;_nc_sid=18de74&amp;_nc_ohc=p6pUe5DvuCUQ7kNvgEiNzlE&amp;_nc_zt=23&amp;_nc_ht=scontent-ber1-1.cdninstagram.com&amp;edm=ANo9K5cEAAAA&amp;_nc_gid=AIHfZXX90JvZCdzeOg4Muk9&amp;oh=00_AYBXOc48O0Q5aj_2OMxvg6vfEG_n2_MM9l-j7faFq4wGiw&amp;oe=675566A5&quot;,&quot;320&quot;:&quot;https:\\\/\\\/scontent-ber1-1.cdninstagram.com\\\/v\\\/t51.75761-15\\\/464891272_18044208149287078_305087407553571054_n.jpg?_nc_cat=101&amp;ccb=1-7&amp;_nc_sid=18de74&amp;_nc_ohc=p6pUe5DvuCUQ7kNvgEiNzlE&amp;_nc_zt=23&amp;_nc_ht=scontent-ber1-1.cdninstagram.com&amp;edm=ANo9K5cEAAAA&amp;_nc_gid=AIHfZXX90JvZCdzeOg4Muk9&amp;oh=00_AYBXOc48O0Q5aj_2OMxvg6vfEG_n2_MM9l-j7faFq4wGiw&amp;oe=675566A5&quot;,&quot;640&quot;:&quot;https:\\\/\\\/scontent-ber1-1.cdninstagram.com\\\/v\\\/t51.75761-15\\\/464891272_18044208149287078_305087407553571054_n.jpg?_nc_cat=101&amp;ccb=1-7&amp;_nc_sid=18de74&amp;_nc_ohc=p6pUe5DvuCUQ7kNvgEiNzlE&amp;_nc_zt=23&amp;_nc_ht=scontent-ber1-1.cdninstagram.com&amp;edm=ANo9K5cEAAAA&amp;_nc_gid=AIHfZXX90JvZCdzeOg4Muk9&amp;oh=00_AYBXOc48O0Q5aj_2OMxvg6vfEG_n2_MM9l-j7faFq4wGiw&amp;oe=675566A5&quot;}\">\n\t\t\t<span class=\"sbi-screenreader\">\ud83d\udea9 OAT im November \ud83d\udea9\n\nDiesen Freitag findet wieder <\/span>\n\t\t\t\t\t\t\t\t\t<img decoding=\"async\" src=\"https:\/\/www.antifaschistische-linke.de\/wp-content\/plugins\/instagram-feed\/img\/placeholder.png\" alt=\"\ud83d\udea9 OAT im November \ud83d\udea9\n\nDiesen Freitag findet wieder unser Offenes Antifa Treffen statt!\nWie jeden 1. Freitag im Monat treffen wir uns um 18:30 Uhr im Linken Zentrum \u00a1adelante! zum gemeinsamen Organisieren, Diskutieren &amp; Vernetzen! \nKommt vorbei und bringt eure eigenen Themen und Ideen mit - wir freuen uns auf euch!\n\n\ud83d\udcc5 01.11.2024\n\ud83d\udd62 18:30 Uhr\n\ud83d\udccd @linkes_zentrum_freiburg (Gl\u00fcmerstr. 2)\n\n#antifa #antifafreiburg #freiburg #oatfreiburg #offenesantifatreffen\" aria-hidden=\"true\">\n\t\t<\/a>\n\t<\/div>\n<\/div><div class=\"sbi_item sbi_type_image sbi_new sbi_transition\"\n\tid=\"sbi_18273391417219672\" data-date=\"1729795321\">\n\t<div class=\"sbi_photo_wrap\">\n\t\t<a class=\"sbi_photo\" href=\"https:\/\/www.instagram.com\/p\/DBhG-sVqCAI\/\" target=\"_blank\" rel=\"noopener nofollow\"\n\t\t\tdata-full-res=\"https:\/\/scontent-ber1-1.cdninstagram.com\/v\/t51.75761-15\/464346017_18043508966287078_1253022087842943828_n.jpg?_nc_cat=103&#038;ccb=1-7&#038;_nc_sid=18de74&#038;_nc_ohc=mI6ir-q2_tsQ7kNvgFyZCwW&#038;_nc_zt=23&#038;_nc_ht=scontent-ber1-1.cdninstagram.com&#038;edm=ANo9K5cEAAAA&#038;_nc_gid=AIHfZXX90JvZCdzeOg4Muk9&#038;oh=00_AYDYrex0SpgRUKBtaqqiwAXYKryh-NKOoSiBvLAFcpEwbA&#038;oe=675589BE\"\n\t\t\tdata-img-src-set=\"{&quot;d&quot;:&quot;https:\\\/\\\/scontent-ber1-1.cdninstagram.com\\\/v\\\/t51.75761-15\\\/464346017_18043508966287078_1253022087842943828_n.jpg?_nc_cat=103&amp;ccb=1-7&amp;_nc_sid=18de74&amp;_nc_ohc=mI6ir-q2_tsQ7kNvgFyZCwW&amp;_nc_zt=23&amp;_nc_ht=scontent-ber1-1.cdninstagram.com&amp;edm=ANo9K5cEAAAA&amp;_nc_gid=AIHfZXX90JvZCdzeOg4Muk9&amp;oh=00_AYDYrex0SpgRUKBtaqqiwAXYKryh-NKOoSiBvLAFcpEwbA&amp;oe=675589BE&quot;,&quot;150&quot;:&quot;https:\\\/\\\/scontent-ber1-1.cdninstagram.com\\\/v\\\/t51.75761-15\\\/464346017_18043508966287078_1253022087842943828_n.jpg?_nc_cat=103&amp;ccb=1-7&amp;_nc_sid=18de74&amp;_nc_ohc=mI6ir-q2_tsQ7kNvgFyZCwW&amp;_nc_zt=23&amp;_nc_ht=scontent-ber1-1.cdninstagram.com&amp;edm=ANo9K5cEAAAA&amp;_nc_gid=AIHfZXX90JvZCdzeOg4Muk9&amp;oh=00_AYDYrex0SpgRUKBtaqqiwAXYKryh-NKOoSiBvLAFcpEwbA&amp;oe=675589BE&quot;,&quot;320&quot;:&quot;https:\\\/\\\/scontent-ber1-1.cdninstagram.com\\\/v\\\/t51.75761-15\\\/464346017_18043508966287078_1253022087842943828_n.jpg?_nc_cat=103&amp;ccb=1-7&amp;_nc_sid=18de74&amp;_nc_ohc=mI6ir-q2_tsQ7kNvgFyZCwW&amp;_nc_zt=23&amp;_nc_ht=scontent-ber1-1.cdninstagram.com&amp;edm=ANo9K5cEAAAA&amp;_nc_gid=AIHfZXX90JvZCdzeOg4Muk9&amp;oh=00_AYDYrex0SpgRUKBtaqqiwAXYKryh-NKOoSiBvLAFcpEwbA&amp;oe=675589BE&quot;,&quot;640&quot;:&quot;https:\\\/\\\/scontent-ber1-1.cdninstagram.com\\\/v\\\/t51.75761-15\\\/464346017_18043508966287078_1253022087842943828_n.jpg?_nc_cat=103&amp;ccb=1-7&amp;_nc_sid=18de74&amp;_nc_ohc=mI6ir-q2_tsQ7kNvgFyZCwW&amp;_nc_zt=23&amp;_nc_ht=scontent-ber1-1.cdninstagram.com&amp;edm=ANo9K5cEAAAA&amp;_nc_gid=AIHfZXX90JvZCdzeOg4Muk9&amp;oh=00_AYDYrex0SpgRUKBtaqqiwAXYKryh-NKOoSiBvLAFcpEwbA&amp;oe=675589BE&quot;}\">\n\t\t\t<span class=\"sbi-screenreader\">++ save the date ++\n\nAm 9. November wollen das ers<\/span>\n\t\t\t\t\t\t\t\t\t<img decoding=\"async\" src=\"https:\/\/www.antifaschistische-linke.de\/wp-content\/plugins\/instagram-feed\/img\/placeholder.png\" alt=\"++ save the date ++\n\nAm 9. November wollen das erste Mal nach 7 Jahren wieder Faschist:innen in Karlsruhe demonstrieren, ausgerechnet am Jahrestag der Reichspogromnacht. Das @oat_karlsruhe k\u00fcndigt Gegenproteste an. Haltet euch den Tag schonmal frei und achtet auf Ank\u00fcndigungen! Wir werden eine gemeinsame Zuganreise aus Freiburg organisieren.\" aria-hidden=\"true\">\n\t\t<\/a>\n\t<\/div>\n<\/div><div class=\"sbi_item sbi_type_image sbi_new sbi_transition\"\n\tid=\"sbi_18011542286381518\" data-date=\"1727961584\">\n\t<div class=\"sbi_photo_wrap\">\n\t\t<a class=\"sbi_photo\" href=\"https:\/\/www.instagram.com\/p\/DAqdZ5bKsi5\/\" target=\"_blank\" rel=\"noopener nofollow\"\n\t\t\tdata-full-res=\"https:\/\/scontent-ber1-1.cdninstagram.com\/v\/t39.30808-6\/461900674_18041108657287078_1620270519554215551_n.jpg?_nc_cat=106&#038;ccb=1-7&#038;_nc_sid=18de74&#038;_nc_ohc=TZbE8-r37LoQ7kNvgF55nnD&#038;_nc_zt=23&#038;_nc_ht=scontent-ber1-1.cdninstagram.com&#038;edm=ANo9K5cEAAAA&#038;_nc_gid=AIHfZXX90JvZCdzeOg4Muk9&#038;oh=00_AYDulIMRNEZ0Y_U1xA8IJUEQjjZ86z7urXyY1JfHcA6RZw&#038;oe=675566CE\"\n\t\t\tdata-img-src-set=\"{&quot;d&quot;:&quot;https:\\\/\\\/scontent-ber1-1.cdninstagram.com\\\/v\\\/t39.30808-6\\\/461900674_18041108657287078_1620270519554215551_n.jpg?_nc_cat=106&amp;ccb=1-7&amp;_nc_sid=18de74&amp;_nc_ohc=TZbE8-r37LoQ7kNvgF55nnD&amp;_nc_zt=23&amp;_nc_ht=scontent-ber1-1.cdninstagram.com&amp;edm=ANo9K5cEAAAA&amp;_nc_gid=AIHfZXX90JvZCdzeOg4Muk9&amp;oh=00_AYDulIMRNEZ0Y_U1xA8IJUEQjjZ86z7urXyY1JfHcA6RZw&amp;oe=675566CE&quot;,&quot;150&quot;:&quot;https:\\\/\\\/scontent-ber1-1.cdninstagram.com\\\/v\\\/t39.30808-6\\\/461900674_18041108657287078_1620270519554215551_n.jpg?_nc_cat=106&amp;ccb=1-7&amp;_nc_sid=18de74&amp;_nc_ohc=TZbE8-r37LoQ7kNvgF55nnD&amp;_nc_zt=23&amp;_nc_ht=scontent-ber1-1.cdninstagram.com&amp;edm=ANo9K5cEAAAA&amp;_nc_gid=AIHfZXX90JvZCdzeOg4Muk9&amp;oh=00_AYDulIMRNEZ0Y_U1xA8IJUEQjjZ86z7urXyY1JfHcA6RZw&amp;oe=675566CE&quot;,&quot;320&quot;:&quot;https:\\\/\\\/scontent-ber1-1.cdninstagram.com\\\/v\\\/t39.30808-6\\\/461900674_18041108657287078_1620270519554215551_n.jpg?_nc_cat=106&amp;ccb=1-7&amp;_nc_sid=18de74&amp;_nc_ohc=TZbE8-r37LoQ7kNvgF55nnD&amp;_nc_zt=23&amp;_nc_ht=scontent-ber1-1.cdninstagram.com&amp;edm=ANo9K5cEAAAA&amp;_nc_gid=AIHfZXX90JvZCdzeOg4Muk9&amp;oh=00_AYDulIMRNEZ0Y_U1xA8IJUEQjjZ86z7urXyY1JfHcA6RZw&amp;oe=675566CE&quot;,&quot;640&quot;:&quot;https:\\\/\\\/scontent-ber1-1.cdninstagram.com\\\/v\\\/t39.30808-6\\\/461900674_18041108657287078_1620270519554215551_n.jpg?_nc_cat=106&amp;ccb=1-7&amp;_nc_sid=18de74&amp;_nc_ohc=TZbE8-r37LoQ7kNvgF55nnD&amp;_nc_zt=23&amp;_nc_ht=scontent-ber1-1.cdninstagram.com&amp;edm=ANo9K5cEAAAA&amp;_nc_gid=AIHfZXX90JvZCdzeOg4Muk9&amp;oh=00_AYDulIMRNEZ0Y_U1xA8IJUEQjjZ86z7urXyY1JfHcA6RZw&amp;oe=675566CE&quot;}\">\n\t\t\t<span class=\"sbi-screenreader\">\ud83d\udea9 OAT im Oktober \ud83d\udea9\n\nMorgen findet wie an jedem ers<\/span>\n\t\t\t\t\t\t\t\t\t<img decoding=\"async\" src=\"https:\/\/www.antifaschistische-linke.de\/wp-content\/plugins\/instagram-feed\/img\/placeholder.png\" alt=\"\ud83d\udea9 OAT im Oktober \ud83d\udea9\n\nMorgen findet wie an jedem ersten Freitag im Monat wieder unser Offenes Antifa Treffen statt.\nDieses Mal sprechen wir u.a. \u00fcber die Wahlen in Brandenburg und \u00d6sterreich und es wird einen Input zum Thema Repression geben.\n\nIm Anschluss ans OAT gibt\u2019s diesen Monat bei der Antifa-Kneipe ein Kneipenquiz.\n\nEgal ob ihr schon lange dabei seid oder zum ersten Mal reinschnuppern m\u00f6chtet: wir freuen uns auf euch!\n\nOffenes Antifa Treffen:\n\ud83d\udcc5 Freitag, 04.10.2024\n\ud83d\udd61 18:30 Uhr\n\ud83d\udccd Linkes Zentrum \u00a1adelante! (Gl\u00fcmerstra\u00dfe 2)\n\nAntifa-Kneipe mit Quiz:\n\ud83d\udd63 ab ca. 20:30 Uhr (im Anschluss ans OAT)\" aria-hidden=\"true\">\n\t\t<\/a>\n\t<\/div>\n<\/div><div class=\"sbi_item sbi_type_image sbi_new sbi_transition\"\n\tid=\"sbi_17984005262723440\" data-date=\"1726598424\">\n\t<div class=\"sbi_photo_wrap\">\n\t\t<a class=\"sbi_photo\" href=\"https:\/\/www.instagram.com\/p\/DAB1YikqbIC\/\" target=\"_blank\" rel=\"noopener nofollow\"\n\t\t\tdata-full-res=\"https:\/\/scontent-ber1-1.cdninstagram.com\/v\/t39.30808-6\/459757022_18039365444287078_6276014266650405501_n.jpg?_nc_cat=102&#038;ccb=1-7&#038;_nc_sid=18de74&#038;_nc_ohc=madHTwjG2qAQ7kNvgERbXJ7&#038;_nc_zt=23&#038;_nc_ht=scontent-ber1-1.cdninstagram.com&#038;edm=ANo9K5cEAAAA&#038;_nc_gid=AIHfZXX90JvZCdzeOg4Muk9&#038;oh=00_AYDCdkXnzDw0pC0SRRtB2Ih64ucDcF0BWX6_AcEcdkZO0g&#038;oe=67555ECE\"\n\t\t\tdata-img-src-set=\"{&quot;d&quot;:&quot;https:\\\/\\\/scontent-ber1-1.cdninstagram.com\\\/v\\\/t39.30808-6\\\/459757022_18039365444287078_6276014266650405501_n.jpg?_nc_cat=102&amp;ccb=1-7&amp;_nc_sid=18de74&amp;_nc_ohc=madHTwjG2qAQ7kNvgERbXJ7&amp;_nc_zt=23&amp;_nc_ht=scontent-ber1-1.cdninstagram.com&amp;edm=ANo9K5cEAAAA&amp;_nc_gid=AIHfZXX90JvZCdzeOg4Muk9&amp;oh=00_AYDCdkXnzDw0pC0SRRtB2Ih64ucDcF0BWX6_AcEcdkZO0g&amp;oe=67555ECE&quot;,&quot;150&quot;:&quot;https:\\\/\\\/scontent-ber1-1.cdninstagram.com\\\/v\\\/t39.30808-6\\\/459757022_18039365444287078_6276014266650405501_n.jpg?_nc_cat=102&amp;ccb=1-7&amp;_nc_sid=18de74&amp;_nc_ohc=madHTwjG2qAQ7kNvgERbXJ7&amp;_nc_zt=23&amp;_nc_ht=scontent-ber1-1.cdninstagram.com&amp;edm=ANo9K5cEAAAA&amp;_nc_gid=AIHfZXX90JvZCdzeOg4Muk9&amp;oh=00_AYDCdkXnzDw0pC0SRRtB2Ih64ucDcF0BWX6_AcEcdkZO0g&amp;oe=67555ECE&quot;,&quot;320&quot;:&quot;https:\\\/\\\/scontent-ber1-1.cdninstagram.com\\\/v\\\/t39.30808-6\\\/459757022_18039365444287078_6276014266650405501_n.jpg?_nc_cat=102&amp;ccb=1-7&amp;_nc_sid=18de74&amp;_nc_ohc=madHTwjG2qAQ7kNvgERbXJ7&amp;_nc_zt=23&amp;_nc_ht=scontent-ber1-1.cdninstagram.com&amp;edm=ANo9K5cEAAAA&amp;_nc_gid=AIHfZXX90JvZCdzeOg4Muk9&amp;oh=00_AYDCdkXnzDw0pC0SRRtB2Ih64ucDcF0BWX6_AcEcdkZO0g&amp;oe=67555ECE&quot;,&quot;640&quot;:&quot;https:\\\/\\\/scontent-ber1-1.cdninstagram.com\\\/v\\\/t39.30808-6\\\/459757022_18039365444287078_6276014266650405501_n.jpg?_nc_cat=102&amp;ccb=1-7&amp;_nc_sid=18de74&amp;_nc_ohc=madHTwjG2qAQ7kNvgERbXJ7&amp;_nc_zt=23&amp;_nc_ht=scontent-ber1-1.cdninstagram.com&amp;edm=ANo9K5cEAAAA&amp;_nc_gid=AIHfZXX90JvZCdzeOg4Muk9&amp;oh=00_AYDCdkXnzDw0pC0SRRtB2Ih64ucDcF0BWX6_AcEcdkZO0g&amp;oe=67555ECE&quot;}\">\n\t\t\t<span class=\"sbi-screenreader\">Im Herbst stehen gleich zwei Landesparteitage der <\/span>\n\t\t\t\t\t\t\t\t\t<img decoding=\"async\" src=\"https:\/\/www.antifaschistische-linke.de\/wp-content\/plugins\/instagram-feed\/img\/placeholder.png\" alt=\"Im Herbst stehen gleich zwei Landesparteitage der AfD in Ulm an: am 05.\/06.10. und am 09.\/10.11.. Unter dem Motto \u201eKlare Kante gegen Rechts\u201c ruft unter anderem das Antifaschistische KoordinierungsKollektiv Ulm (AKKU) zu Gegenprotest auf - die gr\u00f6\u00dften Veranstaltungen der radikalen Rechten in Ulm seit \u00fcber 15 Jahren sollen nicht unwidersprochen bleiben. Du \u00fcberlegst daran teilzunehmen und suchst Gleichgesinnte? Diesen Freitag bieten wir ein kleines \u201eDemo 1x1\u201c und die M\u00f6glichkeit zur Vernetzung und zum Austausch an. Im Anschluss \u00f6ffnen wir die Kneipe f\u00fcr das wahrscheinlich allerletzte k\u00fchle Sommergetr\u00e4nk.\n\n\ud83d\udcc5 Freitag, 20.09.2024\n\ud83d\udd61 18:30 Uhr\n\ud83d\udccd @linkes_zentrum_freiburg (Gl\u00fcmerstr. 2)\" aria-hidden=\"true\">\n\t\t<\/a>\n\t<\/div>\n<\/div>\t<\/div>\n\n\t<div id=\"sbi_load\" >\n\n\t\t\t<button class=\"sbi_load_btn\"\n\t\t\ttype=\"button\" >\n\t\t\t<span class=\"sbi_btn_text\" >Mehr laden<\/span>\n\t\t\t<span class=\"sbi_loader sbi_hidden\" style=\"background-color: rgb(255, 255, 255);\" aria-hidden=\"true\"><\/span>\n\t\t<\/button>\n\t\n\t\t\t<span class=\"sbi_follow_btn sbi_custom\" >\n\t\t\t<a target=\"_blank\"\n\t\t\t\trel=\"nofollow noopener\"  href=\"https:\/\/www.instagram.com\/oat_fr\/\" style=\"background: rgb(64,139,209);\">\n\t\t\t\t<svg class=\"svg-inline--fa fa-instagram fa-w-14\" aria-hidden=\"true\" data-fa-processed=\"\" aria-label=\"Instagram\" data-prefix=\"fab\" data-icon=\"instagram\" role=\"img\" viewBox=\"0 0 448 512\">\n                    <path fill=\"currentColor\" d=\"M224.1 141c-63.6 0-114.9 51.3-114.9 114.9s51.3 114.9 114.9 114.9S339 319.5 339 255.9 287.7 141 224.1 141zm0 189.6c-41.1 0-74.7-33.5-74.7-74.7s33.5-74.7 74.7-74.7 74.7 33.5 74.7 74.7-33.6 74.7-74.7 74.7zm146.4-194.3c0 14.9-12 26.8-26.8 26.8-14.9 0-26.8-12-26.8-26.8s12-26.8 26.8-26.8 26.8 12 26.8 26.8zm76.1 27.2c-1.7-35.9-9.9-67.7-36.2-93.9-26.2-26.2-58-34.4-93.9-36.2-37-2.1-147.9-2.1-184.9 0-35.8 1.7-67.6 9.9-93.9 36.1s-34.4 58-36.2 93.9c-2.1 37-2.1 147.9 0 184.9 1.7 35.9 9.9 67.7 36.2 93.9s58 34.4 93.9 36.2c37 2.1 147.9 2.1 184.9 0 35.9-1.7 67.7-9.9 93.9-36.2 26.2-26.2 34.4-58 36.2-93.9 2.1-37 2.1-147.8 0-184.8zM398.8 388c-7.8 19.6-22.9 34.7-42.6 42.6-29.5 11.7-99.5 9-132.1 9s-102.7 2.6-132.1-9c-19.6-7.8-34.7-22.9-42.6-42.6-11.7-29.5-9-99.5-9-132.1s-2.6-102.7 9-132.1c7.8-19.6 22.9-34.7 42.6-42.6 29.5-11.7 99.5-9 132.1-9s102.7-2.6 132.1 9c19.6 7.8 34.7 22.9 42.6 42.6 11.7 29.5 9 99.5 9 132.1s2.7 102.7-9 132.1z\"><\/path>\n                <\/svg>\t\t\t\t<span>Auf Instagram folgen<\/span>\n\t\t\t<\/a>\n\t\t<\/span>\n\t\n<\/div>\n\t\t<span class=\"sbi_resized_image_data\" data-feed-id=\"*1\"\n\t\t  data-resized=\"{&quot;17984005262723440&quot;:{&quot;id&quot;:&quot;459757022_18039365444287078_6276014266650405501_n&quot;,&quot;ratio&quot;:&quot;1.00&quot;,&quot;sizes&quot;:{&quot;full&quot;:640,&quot;low&quot;:320,&quot;thumb&quot;:150},&quot;extension&quot;:&quot;.webp&quot;},&quot;18011542286381518&quot;:{&quot;id&quot;:&quot;461900674_18041108657287078_1620270519554215551_n&quot;,&quot;ratio&quot;:&quot;1.00&quot;,&quot;sizes&quot;:{&quot;full&quot;:640,&quot;low&quot;:320,&quot;thumb&quot;:150},&quot;extension&quot;:&quot;.webp&quot;},&quot;18273391417219672&quot;:{&quot;id&quot;:&quot;464346017_18043508966287078_1253022087842943828_n&quot;,&quot;ratio&quot;:&quot;1.00&quot;,&quot;sizes&quot;:{&quot;full&quot;:640,&quot;low&quot;:320,&quot;thumb&quot;:150},&quot;extension&quot;:&quot;.webp&quot;},&quot;18047561726067779&quot;:{&quot;id&quot;:&quot;464891272_18044208149287078_305087407553571054_n&quot;,&quot;ratio&quot;:&quot;1.00&quot;,&quot;sizes&quot;:{&quot;full&quot;:640,&quot;low&quot;:320,&quot;thumb&quot;:150},&quot;extension&quot;:&quot;.webp&quot;},&quot;18031240910588306&quot;:{&quot;id&quot;:&quot;465297627_18044675315287078_4101010986526882635_n&quot;,&quot;ratio&quot;:&quot;1.00&quot;,&quot;sizes&quot;:{&quot;full&quot;:640,&quot;low&quot;:320,&quot;thumb&quot;:150},&quot;extension&quot;:&quot;.webp&quot;},&quot;17904872562065709&quot;:{&quot;id&quot;:&quot;468177226_18047073179287078_8466983223617805001_n&quot;,&quot;ratio&quot;:&quot;1.00&quot;,&quot;sizes&quot;:{&quot;full&quot;:640,&quot;low&quot;:320,&quot;thumb&quot;:150},&quot;extension&quot;:&quot;.webp&quot;}}\">\n\t<\/span>\n\t<\/div>\n\n","protected":false},"excerpt":{"rendered":"<p>Wir organisieren das Offene Antifa Treffen Freiburg. Hast du Probleme mit Faschist*innen in deinem Viertel oder in der Schule? Tauchen in deiner Nachbarschaft immer wieder Nazischmierereien auf? Willst du zusammen mit anderen Antifaschist*innen gemeinsam auf Demos fahren, Aktionen planen und selbst aktiv werden? Dann schau beim Offenen Antifa Treffen vorbei und schlie\u00df dich mit uns [&hellip;]<\/p>\n","protected":false},"author":1,"featured_media":6768,"parent":0,"menu_order":3,"comment_status":"closed","ping_status":"closed","template":"","meta":[],"_links":{"self":[{"href":"https:\/\/www.antifaschistische-linke.de\/index.php?rest_route=\/wp\/v2\/pages\/5070"}],"collection":[{"href":"https:\/\/www.antifaschistische-linke.de\/index.php?rest_route=\/wp\/v2\/pages"}],"about":[{"href":"https:\/\/www.antifaschistische-linke.de\/index.php?rest_route=\/wp\/v2\/types\/page"}],"author":[{"embeddable":true,"href":"https:\/\/www.antifaschistische-linke.de\/index.php?rest_route=\/wp\/v2\/users\/1"}],"replies":[{"embeddable":true,"href":"https:\/\/www.antifaschistische-linke.de\/index.php?rest_route=%2Fwp%2Fv2%2Fcomments&post=5070"}],"version-history":[{"count":2,"href":"https:\/\/www.antifaschistische-linke.de\/index.php?rest_route=\/wp\/v2\/pages\/5070\/revisions"}],"predecessor-version":[{"id":7250,"href":"https:\/\/www.antifaschistische-linke.de\/index.php?rest_route=\/wp\/v2\/pages\/5070\/revisions\/7250"}],"wp:featuredmedia":[{"embeddable":true,"href":"https:\/\/www.antifaschistische-linke.de\/index.php?rest_route=\/wp\/v2\/media\/6768"}],"wp:attachment":[{"href":"https:\/\/www.antifaschistische-linke.de\/index.php?rest_route=%2Fwp%2Fv2%2Fmedia&parent=5070"}],"curies":[{"name":"wp","href":"https:\/\/api.w.org\/{rel}","templated":true}]}}